{"id":1422,"date":"2018-10-14T12:51:01","date_gmt":"2018-10-14T11:51:01","guid":{"rendered":"http:\/\/www.maisons-franco-allemandes.fr\/?page_id=1422"},"modified":"2023-10-05T09:21:56","modified_gmt":"2023-10-05T08:21:56","slug":"actions-novatrices","status":"publish","type":"page","link":"https:\/\/www.maisons-franco-allemandes.fr\/fr_FR\/actions-novatrices\/","title":{"rendered":"Actions novatrices"},"content":{"rendered":"\n<p>Les Maisons franco-allemandes disposent ensemble d\u2019une richesse d\u2019exp\u00e9riences de modules op\u00e9rationnels qu\u2019elles ont essay\u00e9s et mis en \u0153uvre en \u00e9troite coop\u00e9ration avec leurs partenaires allemands et fran\u00e7ais \u2013 et qui ont fait leurs preuves ! Les actions dans les domaines list\u00e9s peuvent servir de mod\u00e8le et pourraient faire \u00e9cole en d\u2019autres lieux.<\/p>\n\n\n\n<p><strong>Actions pour \u00e9l\u00e8ves<\/strong><\/p>\n\n\n\n<ul class=\"wp-block-list\">\n<li><a href=\"http:\/\/maison-rhenanie-palatinat.org\/stages-et-mobilite\/guide-de-mobilite\/programmes-scolaires\/\">Programme Romain Rolland<\/a> (\u00e9change individuel pour les \u00e9l\u00e8ves de troisi\u00e8me 2\u00d72 semaines), Acad\u00e9mie de Dijon<\/li>\n\n\n\n<li><a href=\"http:\/\/maison-rhenanie-palatinat.org\/stages-et-mobilite\/guide-de-mobilite\/programmes-scolaires\/\" target=\"_blank\" rel=\"noopener\">Programme Anna Seghers<\/a> (\u00e9change individuel pour les \u00e9l\u00e8ves de seconde 2\u00d71 semaine), Acad\u00e9mie de Dijon<\/li>\n<\/ul>\n\n\n\n<p><strong>Actions pour \u00e9tudiants<\/strong><\/p>\n\n\n\n<ul class=\"wp-block-list\">\n<li><a href=\"http:\/\/www.maison-rhenanie-palatinat.org\/mobilite-jeunes\/action-coup-de-coeur\">Coup de c\u0153ur<\/a> (Informations des \u00e9tudiants du Cursus-Int\u00e9gr\u00e9 aupr\u00e8s des Lyc\u00e9ens)<\/li>\n\n\n\n<li>Assistant.e.s\/Cursus int\u00e9gr\u00e9 (\u00e9tudiant.e.s du Cursus Int\u00e9gr\u00e9 comme assistant.e.s d&#8217;allemand dans les \u00e9coles), Dijon<\/li>\n<\/ul>\n\n\n\n<p><strong>Actions culturelles<\/strong><\/p>\n\n\n\n<ul class=\"wp-block-list\">\n<li><a href=\"http:\/\/www.ccfa-nantes.org\/category\/programme\/sommeruni\/\">Universit\u00e9 d&#8217;\u00e9t\u00e9<\/a>, Nantes<\/li>\n<\/ul>\n\n\n\n<p><strong>Europe et M\u00e9diterran\u00e9e<\/strong><\/p>\n\n\n\n<ul class=\"wp-block-list\">\n<li>Dialogue m\u00e9diterran\u00e9e<\/li>\n\n\n\n<li>R\u00e9seau europ\u00e9en : Rh\u00e9nanie-Palatinat, Bourgogne, Oppeln, Boh\u00eame, Dijon<\/li>\n<\/ul>\n\n\n\n<p><strong>Mobilit\u00e9<\/strong><\/p>\n\n\n\n<ul class=\"wp-block-list\">\n<li><a href=\"http:\/\/www.maison-rhenanie-palatinat.org\/stages-et-mobilite\/stage-en-allemagne\/\">Bureau de stages <\/a>( <a href=\"http:\/\/www.maison-rhenanie-palatinat.org\/stages-et-mobilite\/stage-en-allemagne\/\">Rheinland-Pfalz\/ Burgund Franche Comt\u00e9), Dijon <\/a>und <a title=\"Saarbr\u00fccken\/ Pays de la Loire\" href=\"http:\/\/www.ccfa-nantes.org\/category\/jeune-ambassadeur\/bureau-des-stages\/\" target=\"_blank\" rel=\"noopener\">Saarbr\u00fccken\/Pays de la Loire, Nantes<\/a><\/li>\n\n\n\n<li><a href=\"http:\/\/maison-rhenanie-palatinat.org\/stages-et-mobilite\/volontariat-franco-allemand\/mission\/\">Volontariat \u00e9cologique franco-allemand<\/a><\/li>\n\n\n\n<li><a href=\"http:\/\/www.maison-rhenanie-palatinat.org\/volontariat-franco-allemand\/volontariat-culturel-franco-allemand\/\">Volontariat culturel franco-allemand<\/a><\/li>\n\n\n\n<li><a href=\"https:\/\/www.ofaj.org\/programmes-formations\/travail-chez-le-partenaire.html\">Travail chez le partenaire<\/a> : Dijon (exp\u00e9rience avec le programme de l&#8217;OFAJ)<\/li>\n<\/ul>\n\n\n\n<p><strong>Economie<\/strong><\/p>\n\n\n\n<ul class=\"wp-block-list\">\n<li>Clubs d\u2019affaires franco-allemand (<a href=\"http:\/\/cfaprovence.com\/fr\/page-daccueil\/\">Aix en Provence<span style=\"color: #cc0000;\"><span style=\"color: #cc0000;\">)<\/span><\/span><\/a><\/li>\n<\/ul>\n","protected":false},"excerpt":{"rendered":"<p><!-- wp:paragraph --><\/p>\n<p>Les Maisons franco-allemandes disposent ensemble d\u2019une richesse d\u2019exp\u00e9riences de modules op\u00e9rationnels qu\u2019elles ont essay\u00e9s et mis en \u0153uvre en \u00e9troite coop\u00e9ration avec leurs partenaires allemands et fran\u00e7ais \u2013 et qui ont fait&#8230;<\/p>\n","protected":false},"author":1,"featured_media":0,"parent":0,"menu_order":0,"comment_status":"closed","ping_status":"closed","template":"","meta":{"_kad_post_transparent":"","_kad_post_title":"","_kad_post_layout":"","_kad_post_sidebar_id":"","_kad_post_content_style":"","_kad_post_vertical_padding":"","_kad_post_feature":"","_kad_post_feature_position":"","_kad_post_header":false,"_kad_post_footer":false,"footnotes":""},"class_list":["post-1422","page","type-page","status-publish","hentry"],"_links":{"self":[{"href":"https:\/\/www.maisons-franco-allemandes.fr\/fr_FR\/wp-json\/wp\/v2\/pages\/1422"}],"collection":[{"href":"https:\/\/www.maisons-franco-allemandes.fr\/fr_FR\/wp-json\/wp\/v2\/pages"}],"about":[{"href":"https:\/\/www.maisons-franco-allemandes.fr\/fr_FR\/wp-json\/wp\/v2\/types\/page"}],"author":[{"embeddable":true,"href":"https:\/\/www.maisons-franco-allemandes.fr\/fr_FR\/wp-json\/wp\/v2\/users\/1"}],"replies":[{"embeddable":true,"href":"https:\/\/www.maisons-franco-allemandes.fr\/fr_FR\/wp-json\/wp\/v2\/comments?post=1422"}],"version-history":[{"count":11,"href":"https:\/\/www.maisons-franco-allemandes.fr\/fr_FR\/wp-json\/wp\/v2\/pages\/1422\/revisions"}],"predecessor-version":[{"id":2008,"href":"https:\/\/www.maisons-franco-allemandes.fr\/fr_FR\/wp-json\/wp\/v2\/pages\/1422\/revisions\/2008"}],"wp:attachment":[{"href":"https:\/\/www.maisons-franco-allemandes.fr\/fr_FR\/wp-json\/wp\/v2\/media?parent=1422"}],"curies":[{"name":"wp","href":"https:\/\/api.w.org\/{rel}","templated":true}]}}